{"id":88,"date":"2023-01-23T22:01:19","date_gmt":"2023-01-23T22:01:19","guid":{"rendered":"http:\/\/lmsfeirabogados.com.ar\/?page_id=88"},"modified":"2026-02-23T02:39:13","modified_gmt":"2026-02-23T02:39:13","slug":"luis-maria-sfeir","status":"publish","type":"page","link":"https:\/\/lmsfeirabogados.com.ar\/?page_id=88","title":{"rendered":"Luis Mar\u00eda Sfeir"},"content":{"rendered":"\n<div class=\"wp-block-media-text alignwide is-stacked-on-mobile\" style=\"grid-template-columns:19% auto\"><figure class=\"wp-block-media-text__media\"><img loading=\"lazy\" decoding=\"async\" width=\"1024\" height=\"1004\" src=\"https:\/\/lmsfeirabogados.com.ar\/wp-content\/uploads\/2024\/04\/IMG_1915-1024x1004.jpg\" alt=\"\" class=\"wp-image-274 size-full\" srcset=\"https:\/\/lmsfeirabogados.com.ar\/wp-content\/uploads\/2024\/04\/IMG_1915-1024x1004.jpg 1024w, https:\/\/lmsfeirabogados.com.ar\/wp-content\/uploads\/2024\/04\/IMG_1915-300x294.jpg 300w, https:\/\/lmsfeirabogados.com.ar\/wp-content\/uploads\/2024\/04\/IMG_1915-768x753.jpg 768w, https:\/\/lmsfeirabogados.com.ar\/wp-content\/uploads\/2024\/04\/IMG_1915-1536x1505.jpg 1536w, https:\/\/lmsfeirabogados.com.ar\/wp-content\/uploads\/2024\/04\/IMG_1915.jpg 1561w\" sizes=\"auto, (max-width: 1024px) 100vw, 1024px\" \/><\/figure><div class=\"wp-block-media-text__content\">\n<p>Socio Fundador.<br><br>Cel. +54 11 5 339 7244.<br><br>Mail luis.sfeir@lmsfeirabogados.com.ar<\/p>\n<\/div><\/div>\n\n\n\n<blockquote class=\"wp-block-quote is-layout-flow wp-block-quote-is-layout-flow\"><\/blockquote>\n\n\n\n<p><strong>FORMACI\u00d3N<\/strong><\/p>\n\n\n\n<p><strong>Facultad de Derecho \u2013 Universidad de Buenos Aires<\/strong><\/p>\n\n\n\n<p>Abogado \u2013 A\u00f1o 1996.<\/p>\n\n\n\n<p><strong>Facultad de Derecho \u2013 Universidad de Buenos Aires<\/strong><\/p>\n\n\n\n<p>Posgrado en Formaci\u00f3n y Actualizaci\u00f3n en Asesoramiento Legal para Pymes \u2013 A\u00f1o 2010<\/p>\n\n\n\n<p><strong>Facultad de Derecho \u2013 Universidad Nacional de Cuyo<\/strong><\/p>\n\n\n\n<p>Diplomado de Posgrado en Docencia del Derecho \u2013 A\u00f1o 2022.<\/p>\n\n\n\n<p><strong>Facultad de Derecho \u2013 Universidad de Buenos Aires<\/strong><\/p>\n\n\n\n<p>Diplomado en Derecho Ambiental \u2013 A\u00f1o 2023.<\/p>\n\n\n\n<p><strong>Facultad de Derecho \u2013 Universidad Cat\u00f3lica Argentina<\/strong><\/p>\n\n\n\n<p>Posgrado en Responsabilidad Civil por Accidentes de Tr\u00e1nsito \u2013 A\u00f1o 2025.<\/p>\n\n\n\n<p><strong>Universidad Fasta<\/strong><\/p>\n\n\n\n<p>Tramo Pedag\u00f3gico para Profesionales y T\u00e9cnicos \u2013 A\u00f1o 2025. Estudios en curso.<\/p>\n\n\n\n<p><strong>ACTIVIDAD ACAD\u00c9MICA Y DOCENTE<\/strong><\/p>\n\n\n\n<p>\u2013&nbsp;&nbsp;&nbsp;&nbsp;&nbsp;&nbsp; Ex Miembro activo del Instituto de Derecho Laboral del Colegio de Abogados de San Isidro (C.A.S.I)<\/p>\n\n\n\n<p>\u2013&nbsp;&nbsp;&nbsp;&nbsp;&nbsp;&nbsp; Ex Subdirector de la Comisi\u00f3n de Legislaci\u00f3n y Seguimiento Legislativo del Colegio de Abogados de San Isidro (C.A.S.I.)<\/p>\n\n\n\n<p>\u2013&nbsp;&nbsp;&nbsp;&nbsp;&nbsp;&nbsp; Ex Docente Titular de C\u00e1tedra de la materia \u201cDerecho Civil, Penal y Laboral\u201d y \u201c\u00c9tica y Deontolog\u00eda\u201d en la Formaci\u00f3n de Guardavidas en Cruz Roja Argentina, Filial San Fernando.<\/p>\n\n\n\n<p><strong>CURSOS Y CERTIFICACIONES<\/strong><\/p>\n\n\n\n<p>\u2013&nbsp;&nbsp;&nbsp;&nbsp;&nbsp;&nbsp; Asistente en \u201cConferencia sobre el Proyecto de Unificaci\u00f3n de la Legislaci\u00f3n Civil y Comercial\u201d, Facultad de Derecho de la Universidad de Buenos Aires, 14 de junio de 1988.<\/p>\n\n\n\n<p>\u2013&nbsp;&nbsp;&nbsp;&nbsp;&nbsp;&nbsp; Asistente en car\u00e1cter de Miembro Titular de las \u201cJornadas Inter-Universitarias de Relaciones del Trabajo\u201d, Facultad de Derecho de la Universidad de Buenos Aires, 4 de mayo de 1990.<\/p>\n\n\n\n<p>\u2013&nbsp;&nbsp;&nbsp;&nbsp;&nbsp;&nbsp; Asistente en car\u00e1cter de Miembro Pleno en \u201cJornada sobre el funcionamiento de la Justicia de Garant\u00edas, dictado por el Colegio de Abogados de San Isidro en conjunto con la Asociaci\u00f3n de Abogados Penalistas de San Isidro, 14 de noviembre de 2003.<\/p>\n\n\n\n<p>\u2013&nbsp;&nbsp;&nbsp;&nbsp;&nbsp;&nbsp; Asistente en \u201cPrimeras Jornadas de Ejecuci\u00f3n Penal\u201d, a cargo del Dr. Jos\u00e9 Manuel de Estrada, organizado por el \u00c1rea Acad\u00e9mica del Colegio de Abogados de San Isidro, 7 de noviembre de 2003.<\/p>\n\n\n\n<p>\u2013&nbsp;&nbsp;&nbsp;&nbsp;&nbsp;&nbsp; Asistente en curso \u201cContratos. Aspectos te\u00f3ricos y pr\u00e1cticos\u201d, organizado por el \u00c1rea Acad\u00e9mica del Colegio de Abogados de San Isidro, 15 de diciembre de 2003.<\/p>\n\n\n\n<p>\u2013&nbsp;&nbsp;&nbsp;&nbsp;&nbsp;&nbsp; Asistente en curso \u201cInstructor de Consumo; Educaci\u00f3n Social: La acci\u00f3n educativa para un consumo cr\u00edtico\u201d, dictado entre el 22 de junio y el 7 de diciembre de 2005, San Isidro.<\/p>\n\n\n\n<p>\u2013&nbsp;&nbsp;&nbsp;&nbsp;&nbsp;&nbsp; Asistente en \u201cSegunda Jornada Bonaerense de Derechos del Consumidor y 42 encuentro de la CODEC\u201d, organizado por la Secretar\u00eda de Producci\u00f3n y Defensa del Consumidor de la Municipalidad de San Isidro, 29 de junio de 2005.<\/p>\n\n\n\n<p>\u2013&nbsp;&nbsp;&nbsp;&nbsp;&nbsp;&nbsp; Asistente en curso \u201cJornada Acad\u00e9mica de derechos del consumidor\u201d, organizado por el Instituto de Derecho Internacional Privado del Colegio de Abogados de San Isidro.<\/p>\n\n\n\n<p>\u2013&nbsp;&nbsp;&nbsp;&nbsp;&nbsp;&nbsp; Asistente en curso \u201cLos Acuerdos preventivos extrajudiciales desde la perspectiva de los jueces\u201d, a cargo del Dr. Carlos E. Ribera, organizado por el \u00c1rea Acad\u00e9mica del Colegio de Abogados de San Isidro, 18 de mayo de 2005.<\/p>\n\n\n\n<p>\u2013&nbsp;&nbsp;&nbsp;&nbsp;&nbsp;&nbsp; Asistente en Conferencia \u201cEl Sistema Penal Hoy: Realidad y Perspectiva\u201d organizada por el Instituto de Estudios Comparados en Ciencias Penales y Sociales (INECIP), en conjunto con el Colegio de Abogados de San Isidro, 12 de mayo de 2005.<\/p>\n\n\n\n<p>\u2013&nbsp;&nbsp;&nbsp;&nbsp;&nbsp;&nbsp; Asistente en Jornada \u201cEl fuero Contencioso Administrativo\u201d, organizada por el la Municipalidad de Vicente L\u00f3pez en conjunto con el Instituto de Derecho Municipal del Colegio de Abogados de San Isidro, 1 de diciembre de 2005.<\/p>\n\n\n\n<p>\u2013&nbsp;&nbsp;&nbsp;&nbsp;&nbsp;&nbsp; Asistente en \u201cII Curso de Capacitaci\u00f3n sobre la Ley 13.113. C\u00f3digo de Implementaci\u00f3n de los Derechos de Consumidores y Usuarios de la Provincia de Buenos Aires\u201d, organizado por el Centro de Orientaci\u00f3n, Defensa y Educaci\u00f3n al Consumidor, 19 de octubre de 2005.<\/p>\n\n\n\n<p>\u2013&nbsp;&nbsp;&nbsp;&nbsp;&nbsp;&nbsp; Asistente en curso \u201cEducaci\u00f3n Social: la acci\u00f3n educativa para un consumo cr\u00edtico\u201d, organizado por la Direcci\u00f3n General de Educaci\u00f3n de la Municipalidad de San Isidro, 30 de noviembre de 2005.<\/p>\n\n\n\n<p>\u2013&nbsp;&nbsp;&nbsp;&nbsp;&nbsp;&nbsp; Asistente en curso \u201cProcedimiento Administrativo Ley Nacional de Defensa al Consumidor 24.240 y C\u00f3digo de Implementaci\u00f3n de los Derechos de los Consumidores y Usuarios Ley Provincial 13.113\u201d, organizado por la Secretar\u00eda de Producci\u00f3n y Defensa del Consumidor de la Municipalidad de San Isidro, 29 de noviembre de 2006.<\/p>\n\n\n\n<p>\u2013&nbsp;&nbsp;&nbsp;&nbsp;&nbsp;&nbsp; Asistente en \u201cIII Jornadas de Capacitaci\u00f3n Ambiental Metropolitanas\u201d, organizadas por la Asociaci\u00f3n Argentina de Derecho Administrativo, la Asociaci\u00f3n Argentina de Derecho Constitucional, el Instituto Tecnol\u00f3gico de Buenos Aires, y la Sindicatura General de la Ciudad de Buenos Aires, 25 de junio de 2008.<\/p>\n\n\n\n<p>\u2013&nbsp;&nbsp;&nbsp;&nbsp;&nbsp;&nbsp; Asistente en curso \u201cTemas relevantes del Derecho Colectivo del Trabajo\u201d, organizado por el \u00c1rea Acad\u00e9mica del Colegio de Abogados de San Isidro, noviembre de 2009.<\/p>\n\n\n\n<p>\u2013&nbsp;&nbsp;&nbsp;&nbsp;&nbsp;&nbsp; Asistente en \u201cTaller Pr\u00e1ctico de Liquidaciones en el Derecho del Trabajo\u201d, organizado por la Escuela Argentina de Derecho, 17 de octubre de 2011.<\/p>\n\n\n\n<p>\u2013&nbsp;&nbsp;&nbsp;&nbsp;&nbsp;&nbsp; Asistente en curso \u201cEl proyecto del Nuevo C\u00f3digo Civil. Personas Jur\u00eddicas. Sociedades. Contratos Asociativos. Contratos de Consumo, de Fideicomiso, Bancarios, de Comercializaci\u00f3n e Inmobiliarios\u201d, organizado por Fundaci\u00f3n para la Investigaci\u00f3n y Desarrollo de las Ciencias Jur\u00eddicas, Mar del Plata, 4, 5 y 6 de noviembre de 2012.<\/p>\n\n\n\n<p>\u2013&nbsp;&nbsp;&nbsp;&nbsp;&nbsp;&nbsp; Asistente en curso \u201cReforma a la Ley de Accidentes de Trabajo y Enfermedades Profesionales\u201d, organizado por la Escuela Argentina de Derecho, 17 de junio de 2013.<\/p>\n\n\n\n<p>\u2013&nbsp;&nbsp;&nbsp;&nbsp;&nbsp;&nbsp; Asistente en curso \u201cPrograma de Formaci\u00f3n Docente en el \u00c1mbito Profesional Jur\u00eddico\u201d, organizado por el \u00c1rea Acad\u00e9mica del Colegio de Abogados de San Isidro, 30 de noviembre de 2015.<\/p>\n\n\n\n<p>\u2013&nbsp;&nbsp;&nbsp;&nbsp;&nbsp;&nbsp; Asistente en \u201cXIII Encuentro Nacional del Foro Federal de Institutos y Comisiones de Derecho del Trabajo de los Colegios de Abogados y Procuradores de la Rep\u00fablica Argentina\u201d, organizado por el Instituto de Derecho del Trabajo y de la Seguridad Social del Colegio de Abogados de San Isidro, Noviembre 2018.<\/p>\n\n\n\n<p>\u2013&nbsp;&nbsp;&nbsp;&nbsp;&nbsp;&nbsp; Asistente en seminario \u201cEl Derecho del Trabajo en el Siglo XXI\u201d, Direcci\u00f3n a cargo de. Dr. Claudio A. Aquino, Coordinaci\u00f3n a cargo del Dr. Nahuel Nehuen Espinillo, Colegio de Abogados de San Isidro, Mayo- junio 2019.<\/p>\n\n\n\n<p>\u2013&nbsp;&nbsp;&nbsp;&nbsp;&nbsp;&nbsp; Asistente en curso \u201cComercio electr\u00f3nico: ventajas y desventajas en tiempos de pandemia\u201d, organizado por el Instituto de Derecho Internacional Privado del Colegio de Abogados de San Isidro, 1 de junio de 2020.<\/p>\n\n\n\n<p>\u2013&nbsp;&nbsp;&nbsp;&nbsp;&nbsp;&nbsp; Asistente en curso \u201cNueva ley 27.551 de locaciones\u201d, organizado por Fundaci\u00f3n CIJUSO, 27 de julio de 2020.<\/p>\n\n\n\n<p>\u2013&nbsp;&nbsp;&nbsp;&nbsp;&nbsp;&nbsp; Asistente en el Programa de Perfeccionamiento en el Ejercicio Profesional \u201cDerecho de Da\u00f1os\u201d, organizado por la Facultad de Derecho de la Universidad de Buenos Aires en conjunto con el Colegio de Abogados de Gral. San Mart\u00edn<\/p>\n\n\n\n<p>\u2013&nbsp;&nbsp;&nbsp;&nbsp;&nbsp;&nbsp; Asistente en curso \u201cDerecho procesal penal\u201d, organizado por el \u00c1rea Acad\u00e9mica del Colegio de Abogados de San Isidro, noviembre 2021.<\/p>\n\n\n\n<p>\u2013&nbsp;&nbsp;&nbsp;&nbsp;&nbsp;&nbsp; Asistente en el curso \u201cAccidentes de transito 4.0\u201d, organizado por el Instituto de Derecho Internacional Privado del Colegio de Abogados de San Isidro.<\/p>\n\n\n\n<p>\u2013&nbsp;&nbsp;&nbsp;&nbsp;&nbsp;&nbsp; Asistente en el curso \u201cLos contratos en el C\u00f3digo Civil y Comercial \u2013 parte general\u201d, organizado por Fundaci\u00f3n CIJUSO<\/p>\n\n\n\n<p>\u2013&nbsp;&nbsp;&nbsp;&nbsp;&nbsp;&nbsp; Asistente en curso \u201cCuestiones pr\u00e1cticas de Derecho del Trabajo\u201d, organizado por el \u00c1rea Acad\u00e9mica del Colegio de Abogados de San Isidro, junio 2021.<\/p>\n\n\n\n<p>\u2013&nbsp;&nbsp;&nbsp;&nbsp;&nbsp;&nbsp; Asistente en el curso \u201cTemas actuales de Derecho Procesal\u201d, a cargo de los Dres. Enrique Falc\u00f3n, Roland Arazi, Jorge A. Rojas, Jos\u00e9 Mar\u00eda Salgado y Roberto Berizonce, organizado por Editorial Rubinzal \u2013 Culzoni, mayo 2020.<\/p>\n\n\n\n<p>\u2013&nbsp;&nbsp;&nbsp;&nbsp;&nbsp;&nbsp; Asistente en \u201cCurso pr\u00e1ctico de Comisiones M\u00e9dicas\u201d, organizado por la Universidad Cat\u00f3lica de La Plata.<\/p>\n\n\n\n<p>\u2013&nbsp;&nbsp;&nbsp;&nbsp;&nbsp;&nbsp; Asistente en \u201cJornadas de actualizaci\u00f3n en Derecho Procesal y Probatorio\u201d organizadas por la Facultad de Derecho de la Universidad Austral y la Facultad de Derecho de la Universidad Nacional de Mar del Plata, 20 y 21 de marzo de 2024.<\/p>\n\n\n\n<p>\u2013&nbsp;&nbsp;&nbsp;&nbsp;&nbsp;&nbsp; Asistente en curso \u201cMedidas de coerci\u00f3n penal y medidas alternativas\u201d, organizado en el marco del Programa de Perfeccionamiento en el Ejercicio Profesional, Departamento de Graduados de la Facultad de Derecho de la Universidad de Buenos Aires, marzo \u2013 abril 2024.<\/p>\n\n\n\n<p>\u2013&nbsp;&nbsp;&nbsp;&nbsp;&nbsp;&nbsp; Asistente en curso \u201cPropiedad Horizontal\u201d, organizado por el Instituto de Derecho Civil y el \u00c1rea Acad\u00e9mica del Colegio de Abogados de San Isidro, octubre 2024.<\/p>\n\n\n\n<p>\u2013&nbsp;&nbsp;&nbsp;&nbsp;&nbsp;&nbsp; Asistente en curso \u201cR\u00e9gimen Jur\u00eddico y Administraci\u00f3n de la Propiedad Horizontal\u201d, organizado por el \u00c1rea Acad\u00e9mica del Colegio de Abogados de San Isidro, mayo 2025.<\/p>\n\n\n\n<p>\u2013&nbsp;&nbsp;&nbsp;&nbsp;&nbsp;&nbsp; Asistente en curso \u201cPrescripci\u00f3n adquisitiva y usucapi\u00f3n de inmuebles\u201d, organizado por el Departamento de Graduados de la Facultad de Derecho de la Universidad de Buenos Aires, del 21 de agosto de 2025 al 11 de agosto de 2025.<\/p>\n\n\n\n<p>\u2013&nbsp;&nbsp;&nbsp;&nbsp;&nbsp;&nbsp; Asistente en curso \u201cBlanqueo de Capitales: preguntas y respuestas sobre la regularizaci\u00f3n de activos\u201d, organizado por el Instituto de Finanzas P\u00fablicas y Derecho Tributario y el \u00c1rea Acad\u00e9mica del Colegio de Abogados de San Isidro, septiembre 2024.<\/p>\n\n\n\n<p>\u2013&nbsp;&nbsp;&nbsp;&nbsp;&nbsp;&nbsp; Asistente en curso \u201cProceso sucesorio testamentario\u201d, organizado por el \u00c1rea Acad\u00e9mica del Colegio de Abogados de San Isidro, septiembre 2025.<\/p>\n\n\n\n<p><strong>PUBLICACIONES<\/strong><\/p>\n\n\n\n<p>\u2013&nbsp;&nbsp;&nbsp;&nbsp;&nbsp;&nbsp; Coautor del art\u00edculo \u201cLa reposici\u00f3n in extremis y su aplicaci\u00f3n como remedio id\u00f3neo contra sentencias definitivas por Tribunales Laborales de la Provincia de Buenos Aires\u201d, Revista Derecho del Trabajo Nro. 1, Enero&nbsp;2021, Ed. La Ley \u2013 Thomson Reuters. Enero 2021.<\/p>\n\n\n\n<p>\u2013&nbsp;&nbsp;&nbsp;&nbsp;&nbsp;&nbsp; Autor del art\u00edculo \u201cEl abuso de la jurisdicci\u00f3n del SECLO por ausencia de debido control\u201d, Revista Derecho del Trabajo Nro. 1, Enero 2026, Ed. La Ley \u2013 Thomson Reuters.<\/p>\n\n\n\n<p><strong>MEMBRES\u00cdAS PROFESIONALES<\/strong><\/p>\n\n\n\n<p>\u2013&nbsp;&nbsp;&nbsp;&nbsp;&nbsp;&nbsp; Matriculado en el Colegio P\u00fablico de Abogados de la Capital Federal (C.P.A.C.F.)<\/p>\n\n\n\n<p>\u2013&nbsp;&nbsp;&nbsp;&nbsp;&nbsp;&nbsp; Matriculado en el Colegio Abogados San Isidro (C.A.S.I.)<\/p>\n\n\n\n<p>\u2013&nbsp;&nbsp;&nbsp;&nbsp;&nbsp;&nbsp; Matr\u00edcula Federal del Interior Ley 22.192, C\u00e1mara Federal del Departamento Judicial de Gral. San Mart\u00edn.<\/p>\n","protected":false},"excerpt":{"rendered":"<p>Socio Fundador. Cel. +54 11 5 339 7244. Mail luis.sfeir@lmsfeirabogados.com.ar FORMACI\u00d3N Facultad de Derecho \u2013 Universidad de Buenos Aires Abogado \u2013 A\u00f1o 1996. Facultad de Derecho \u2013 Universidad de Buenos&hellip;<\/p>\n","protected":false},"author":1,"featured_media":0,"parent":0,"menu_order":0,"comment_status":"closed","ping_status":"closed","template":"","meta":{"om_disable_all_campaigns":false,"_monsterinsights_skip_tracking":false,"_monsterinsights_sitenote_active":false,"_monsterinsights_sitenote_note":"","_monsterinsights_sitenote_category":0,"footnotes":""},"class_list":["post-88","page","type-page","status-publish","hentry"],"aioseo_notices":[],"_links":{"self":[{"href":"https:\/\/lmsfeirabogados.com.ar\/index.php?rest_route=\/wp\/v2\/pages\/88","targetHints":{"allow":["GET"]}}],"collection":[{"href":"https:\/\/lmsfeirabogados.com.ar\/index.php?rest_route=\/wp\/v2\/pages"}],"about":[{"href":"https:\/\/lmsfeirabogados.com.ar\/index.php?rest_route=\/wp\/v2\/types\/page"}],"author":[{"embeddable":true,"href":"https:\/\/lmsfeirabogados.com.ar\/index.php?rest_route=\/wp\/v2\/users\/1"}],"replies":[{"embeddable":true,"href":"https:\/\/lmsfeirabogados.com.ar\/index.php?rest_route=%2Fwp%2Fv2%2Fcomments&post=88"}],"version-history":[{"count":16,"href":"https:\/\/lmsfeirabogados.com.ar\/index.php?rest_route=\/wp\/v2\/pages\/88\/revisions"}],"predecessor-version":[{"id":366,"href":"https:\/\/lmsfeirabogados.com.ar\/index.php?rest_route=\/wp\/v2\/pages\/88\/revisions\/366"}],"wp:attachment":[{"href":"https:\/\/lmsfeirabogados.com.ar\/index.php?rest_route=%2Fwp%2Fv2%2Fmedia&parent=88"}],"curies":[{"name":"wp","href":"https:\/\/api.w.org\/{rel}","templated":true}]}}