{"id":91,"date":"2023-01-23T22:07:50","date_gmt":"2023-01-23T22:07:50","guid":{"rendered":"http:\/\/lmsfeirabogados.com.ar\/?page_id=91"},"modified":"2026-02-23T02:39:23","modified_gmt":"2026-02-23T02:39:23","slug":"santiago-luis-sfeir","status":"publish","type":"page","link":"https:\/\/lmsfeirabogados.com.ar\/?page_id=91","title":{"rendered":"Santiago Luis Sfeir"},"content":{"rendered":"\n<div class=\"wp-block-media-text alignwide is-stacked-on-mobile\" style=\"grid-template-columns:21% auto\"><figure class=\"wp-block-media-text__media\"><img loading=\"lazy\" decoding=\"async\" width=\"1024\" height=\"915\" src=\"https:\/\/lmsfeirabogados.com.ar\/wp-content\/uploads\/2024\/04\/IMG_1874-1024x915.jpg\" alt=\"\" class=\"wp-image-271 size-full\" srcset=\"https:\/\/lmsfeirabogados.com.ar\/wp-content\/uploads\/2024\/04\/IMG_1874-1024x915.jpg 1024w, https:\/\/lmsfeirabogados.com.ar\/wp-content\/uploads\/2024\/04\/IMG_1874-300x268.jpg 300w, https:\/\/lmsfeirabogados.com.ar\/wp-content\/uploads\/2024\/04\/IMG_1874-768x686.jpg 768w, https:\/\/lmsfeirabogados.com.ar\/wp-content\/uploads\/2024\/04\/IMG_1874.jpg 1482w\" sizes=\"auto, (max-width: 1024px) 100vw, 1024px\" \/><\/figure><div class=\"wp-block-media-text__content\">\n<p>Socio<br><br>Cel. +54 11 6 592 3049<br><br>mail santiago.sfeir@lmsfeirabogados.com.ar<\/p>\n<\/div><\/div>\n\n\n\n<p><br><strong>Formaci\u00f3n<\/strong><\/p>\n\n\n\n<p><strong><em>Bachiller Universitario en Derecho<\/em><\/strong><\/p>\n\n\n\n<p>Universidad de Buenos Aires \u2013 Facultad de Derecho \u2013 A\u00f1o 2016.<\/p>\n\n\n\n<p><strong><em>Abogado<\/em><\/strong><\/p>\n\n\n\n<p>Universidad de Buenos Aires \u2013 Facultad de Derecho \u2013 A\u00f1o 2016.<\/p>\n\n\n\n<p><strong><em>Posgrado en Asesoramiento Legal para Empresas <\/em><\/strong>Universidad de Buenos Aires \u2013 Facultad de Derecho \u2013 A\u00f1o 2018.<\/p>\n\n\n\n<p><strong><em>Diplomado en Derecho Ambiental<\/em><\/strong><\/p>\n\n\n\n<p>Universidad de Buenos Aires \u2013 Facultad de Derecho \u2013 A\u00f1o 2020. <\/p>\n\n\n\n<p><strong><em>Diplomado en Derecho del Trabajo y Relaciones Laborales<\/em><\/strong><\/p>\n\n\n\n<p>Universidad Austral \u2013 Facultad de Derecho \u2013 A\u00f1o 2021.<\/p>\n\n\n\n<p><strong><em>Aprobaci\u00f3n de \u201cPrograma: Empleo Verde\u201d<\/em><\/strong><\/p>\n\n\n\n<p>Universidad Austral \u2013 Facultad de Derecho \u2013 A\u00f1o 2021.<\/p>\n\n\n\n<p><strong><em>Magister en Derecho del Trabajo y Relaciones Laborales<\/em><\/strong><\/p>\n\n\n\n<p>Universidad Austral \u2013 Facultad de Derecho \u2013 A\u00f1o 2021-2022.<\/p>\n\n\n\n<p>Segundo lugar en el II Concurso de becas para la Maestr\u00eda en Derecho del Trabajo y Relaciones Laborales MDTyRL 2021 por el articulo denominado \u201c<em>Consideraciones elementales de la locaci\u00f3n de servicios y su di\u00e1fana distinci\u00f3n de los contratos de trabajo. Un an\u00e1lisis omnicomprensivo desde la jurisprudencia emanada de los Tribunales Argentinos\u201d.<\/em><\/p>\n\n\n\n<p>Tesis titulada \u201c<em>El instituto de la personer\u00eda gremial y la dicotom\u00eda de potestades otorgadas a los sindicatos simplemente inscriptos a la luz de la jurisprudencia de la Corte Suprema de Justicia de la Naci\u00f3n<\/em>\u201d, dirigida por el Dr. Claudio A. Aquino, defendida el d\u00eda 1 de marzo de 2023 obteniendo la calificaci\u00f3n de 9.<\/p>\n\n\n\n<p>Premio \u201cDiploma de Honor\u201d obtenido por promedio distinguido.<\/p>\n\n\n\n<p>Premio \u201cMedalla de oro\u201d obtenido por el mejor promedio de la cohorte 2021-2022 de la Maestr\u00eda en Derecho del Trabajo y Relaciones Laborales.<\/p>\n\n\n\n<p><strong><em>Tramo de Formaci\u00f3n Pedag\u00f3gica para Profesionales y T\u00e9cnicos Superiores<\/em><\/strong><\/p>\n\n\n\n<p>Universidad Fasta \u2013 A\u00f1o 2024-2025.<br><br><strong>Cursos y Certificaciones<\/strong><\/p>\n\n\n\n<p>&#8211;&nbsp;&nbsp;&nbsp;&nbsp;&nbsp;&nbsp; Asistente en Conferencia \u201cPrueba y Verdad\u201d a cargo del Dr. Marcelo Sancinetti, Facultad de Derecho de la Universidad de Buenos Aires, Abril 2012.<\/p>\n\n\n\n<p>&#8211;&nbsp;&nbsp;&nbsp;&nbsp;&nbsp;&nbsp; Ponente en \u201cCongreso de Derecho Econ\u00f3mico y Empresarial para Estudiantes y J\u00f3venes Graduados: Empresa y Consumidor\u201d, art\u00edculo \u201cDefensa del Consumidor y el Derecho de Seguros: Las Cl\u00e1usulas Abusivas en el Contrato de Seguro\u201d, Facultad de Derecho de la Universidad de Buenos Aires, Noviembre 2013.<\/p>\n\n\n\n<p>&#8211;&nbsp;&nbsp;&nbsp;&nbsp;&nbsp;&nbsp; Asistente en \u201cCurso de Actualizaci\u00f3n del Nuevo C\u00f3digo Civil y Comercial de la Naci\u00f3n: Parte General\u201d a cargo del Dr. Oscar Ameal, Facultad de Derecho de laUniversidad de Buenos Aires, Agosto 2015.<\/p>\n\n\n\n<p>&#8211;&nbsp;&nbsp;&nbsp;&nbsp;&nbsp;&nbsp; Asistente en \u201cII Congreso Internacional de Derecho de Da\u00f1os\u201d, a cargo del Dr. Alberto J. Bueres, Facultad de Derecho de la Universidad de Buenos Aires, Agosto 2015.<\/p>\n\n\n\n<p>&#8211;&nbsp;&nbsp;&nbsp;&nbsp;&nbsp;&nbsp; Asistente en \u201cConferencia: Desaf\u00edos de la Empresa Familiar\u201d, organizado por el P.A.C.E.M. (Programa de Estudios Interdisciplinarios y Acci\u00f3n sobre Pymes, Arbitraje, Comercio Electr\u00f3nico y Mercosur) a cargo de los Dres. Ra\u00fal Etcheverry y Esther H. S. Ferrer de Fern\u00e1ndez, Facultad de Derecho de la Universidad de Buenos Aires, Mayo 2016.<\/p>\n\n\n\n<p>&#8211;&nbsp;&nbsp;&nbsp;&nbsp;&nbsp;&nbsp; Asistente en \u201cJornadas de Transferencia y Debate de las IV Jornadas Internacionales de Derecho Empresarial\u201d, organizado por el P.A.C.E.M. (Programa de Estudios Interdisciplinarios y Acci\u00f3n sobre Pymes, Arbitraje, Comercio Electr\u00f3nico y Mercosur) a cargo de los Dres. Ra\u00fal Etcheverry y Esther H. S. Ferrer de Fern\u00e1ndez, Facultad de Derecho de la Universidad de Buenos Aires, Octubre 2016.<\/p>\n\n\n\n<p>&#8211;&nbsp;&nbsp;&nbsp;&nbsp;&nbsp;&nbsp; Asistente en curso \u201cDerecho Procesal Laboral\u201d en el marco del Programa de Perfeccionamiento en el Ejercicio Profesional organizado por el Centro de Graduados de la Facultad de Derecho de la Universidad de Buenos Aires, Abril 2017.<\/p>\n\n\n\n<p>&#8211;&nbsp;&nbsp;&nbsp;&nbsp;&nbsp;&nbsp; Asistente en curso \u201cConcursos y Quiebras\u201d en el marco del Programa de Perfeccionamiento en el Ejercicio Profesional organizado por el Centro de Graduados de la Facultad de Derecho de la Universidad de Buenos Aires, Abril 2017.<\/p>\n\n\n\n<p>&#8211;&nbsp;&nbsp;&nbsp;&nbsp;&nbsp;&nbsp; Asistente en \u201cTerceras Jornadas Sanisidrenses de Derecho: Derecho y Tecnolog\u00eda: los desaf\u00edos tecnol\u00f3gicos para el derecho en la era digital\u201d, Colegio de Abogados de San isidro, Octubre 2018.<\/p>\n\n\n\n<p>&#8211;&nbsp;&nbsp;&nbsp;&nbsp;&nbsp;&nbsp; Asistente en \u201cXIII Encuentro Nacional del Foro Federal de Institutos y Comisiones de Derecho del Trabajo de los Colegios de Abogados y Procuradores de la Rep\u00fablica Argentina\u201d, Instituto de Derecho del Trabajo y de la Seguridad Social del Colegio de Abogados de San Isidro, Noviembre 2018.<\/p>\n\n\n\n<p>&#8211;&nbsp;&nbsp;&nbsp;&nbsp;&nbsp;&nbsp; Asistente en \u201cCiclo de Conferencias sobre el C\u00f3digo Civil y Comercial en la Pr\u00e1ctica\u201d, paneles \u201cNuevos Supuestos de Responsabilidad Civil\u201d a cargo del Dr. Ricardo L. Lorenzetti, \u201cAspectos Pr\u00e1cticos de la Responsabilidad Contractual\u201d a cargo del Dr. Miguel Federico De Lorenzo, y \u201cCuantificaci\u00f3n del Da\u00f1o por Muerte y Lesiones\u201d a cargo del Dr. Ferna ndo A. Sagrada, organizada por el Colegio de Abogados de San Isidro, la Federaci\u00f3n Argentina de Colegios de Abogados y la Editorial Rubinzal &#8211; Culzoni, Abril &#8211; Junio 2019.<\/p>\n\n\n\n<p>&#8211;&nbsp;&nbsp;&nbsp;&nbsp;&nbsp;&nbsp; Asistente en Seminario \u201cEl Derecho del Trabajo en el Siglo XXI\u201d, Direcci\u00f3n a cargo del Dr. Claudio A. Aquino, Coordinaci\u00f3n a cargo del Dr. Nahuel Nehuen Espinillo, Colegio de Abogados de San Isidro, Mayo &#8211; Junio de 2019.<\/p>\n\n\n\n<p>&#8211;&nbsp;&nbsp;&nbsp;&nbsp;&nbsp;&nbsp; Asistente en Jornada de Actualizaci\u00f3n \u201cControl Judicial Suficiente en el Tr\u00e1mite de las Comisiones M\u00e9dicas y el Derecho Sindical\u201d, panelistas Dres. Leonardo Ambesi, Claudio A. Aquino y Sebasti\u00e1n Sirimarco, Colegio de Abogados de San Isidro y Universidad Austral, Diciembre 2019.<\/p>\n\n\n\n<p>&#8211;&nbsp;&nbsp;&nbsp;&nbsp;&nbsp;&nbsp; Asistente en el curso \u201cEl despido en tiempos de crisis: marco normativo y criterios jurisprudenciales\u201d, a cargo de los Dres. Mario Ackerman, Diego Tosca y Alejandro Sudera, Ed. Rubinzal \u2013 Culzoni, mayo 2020.<\/p>\n\n\n\n<p>&#8211;&nbsp;&nbsp;&nbsp;&nbsp;&nbsp;&nbsp; Asistente en el curso \u201cTemas actuales de Derecho Procesal\u201d, a cargo de los Dres. Enrique Falc\u00f3n, Roland Arazi, Jorge A. Rojas, Jos\u00e9 Mar\u00eda Salgado y Roberto Berizonce, Ed. Rubinzal<\/p>\n\n\n\n<p>\u2013&nbsp; Culzoni, mayo 2020.<\/p>\n\n\n\n<p>&#8211;&nbsp;&nbsp;&nbsp;&nbsp;&nbsp;&nbsp; Asistente en curso \u201cDerecho Laboral\u201d, organizado por Encuentro de Abogados Independientes, mayo 2020.<\/p>\n\n\n\n<p>&#8211;&nbsp;&nbsp;&nbsp;&nbsp;&nbsp;&nbsp; Asistente en curso \u201cTr\u00e1mites y reclamos antes Comisiones M\u00e9dicas Jurisdiccionales por accidentes de trabajo y enfermedades profesionales\u201d, organizado por Encuentro de Abogados Independientes, mayo 2020.<\/p>\n\n\n\n<p>&#8211;&nbsp;&nbsp;&nbsp;&nbsp;&nbsp;&nbsp; Asistente en Masterclass \u201cObligaci\u00f3n dineraria vs. Obligaci\u00f3n de valor. A prop\u00f3sito del desequilibrio econ\u00f3mico actual\u201d en el marco de la Diplomatura en Derecho Privado Patrimonial, Universidad Austral, 4 de junio de 2020.<\/p>\n\n\n\n<p>&#8211;&nbsp;&nbsp;&nbsp;&nbsp;&nbsp;&nbsp; Asistente en Masterclass \u201cLas implicancias legales del marketing en tiempos de crisis\u201d en el<\/p>\n\n\n\n<p>marco del Programa de Legal Marketing, Universidad Austral, 4 de junio de 2020.<\/p>\n\n\n\n<p>&#8211;&nbsp;&nbsp;&nbsp;&nbsp;&nbsp;&nbsp; Asistente en Masterclass \u201cCuestiones de derecho aplicable en los contratos comerciales internacionales\u201d en el marco de la Diplomatura en Contratos y Litigios Judiciales Internacionales, Universidad Austral, 9 de junio de 2020.<\/p>\n\n\n\n<p>&#8211;&nbsp;&nbsp;&nbsp;&nbsp;&nbsp;&nbsp; Asistente en jornada \u201cProyectos de Reforma de la Ley Concursal\u201d, organizada por el Instituto<\/p>\n\n\n\n<p>de Derecho Concursal del Colegio de Abogados de San Isidro (C.A.S.I.)<\/p>\n\n\n\n<p>&#8211;&nbsp;&nbsp;&nbsp;&nbsp;&nbsp;&nbsp; Asistente en jornada \u201cEl Teletrabajo\u201d, organizada por el \u00c1rea Acad\u00e9mica del Colegio de Abogados de San Isidro (C.A.S.I.).<\/p>\n\n\n\n<p>&#8211;&nbsp;&nbsp;&nbsp;&nbsp;&nbsp;&nbsp; Asistente en el seminario \u201cC\u00f3mo constituir una Sociedad de Responsabilidad Limitada en la Ciudad de Buenos Aires\u201d, Centro de Estudios Jur\u00eddicos y Empresariales, julio 2020.-<\/p>\n\n\n\n<p>&#8211;&nbsp;&nbsp;&nbsp;&nbsp;&nbsp;&nbsp; Asistente en \u201cXX Encuentro Nacional del Foro Federal de Trabajo de Colegios de Abogados de Argentina (FOFETRA)\u201d, organizado por el Instituto de Derecho del Trabajo de la Provincia de Salta, 24 de julio de 2020.<\/p>\n\n\n\n<p>&#8211;&nbsp;&nbsp;&nbsp;&nbsp;&nbsp;&nbsp; Asistente en conferencia \u201cNuevas pautas de actuaci\u00f3n profesional: las acordadas 30 y 31 de la Corte Suprema de Justicia de la Naci\u00f3n\u201d, organizada por el Centro de Graduados de la Facultad de Derecho de la Universidad de Buenos Aires, 3 de agosto de 2020.<\/p>\n\n\n\n<p>&#8211;&nbsp;&nbsp;&nbsp;&nbsp;&nbsp;&nbsp; Asistente en Jornada \u201cDise\u00f1o y puesta en marcha de un programa de eficiencia energ\u00e9tica para la Facultad de Derecho (UBA)\u201d, organizada por el Centro de Derecho Ambiental de la Facultad de Derecho de la Universidad de Buenos Aires, 5 de agosto de 2020.<\/p>\n\n\n\n<p>&#8211;&nbsp;&nbsp;&nbsp;&nbsp;&nbsp;&nbsp; Asistente en Seminario \u201cDerecho laboral. Temas fundamentales\u201d, organizado por Delta Editora, octubre \u2013 noviembre de 2020.<\/p>\n\n\n\n<p>&#8211;&nbsp;&nbsp;&nbsp;&nbsp;&nbsp;&nbsp; Asistente en \u201cCurso pr\u00e1ctico de Comisiones M\u00e9dicas\u201d, organizado por la Universidad Cat\u00f3lica de La Plata, marzo 2021.<\/p>\n\n\n\n<p>&#8211;&nbsp;&nbsp;&nbsp;&nbsp;&nbsp;&nbsp; Asistente en Masterclass \u201cEmpleo Verde. Situaci\u00f3n argentina y contexto internacional post pandemia\u201d organizado por los Departamentos de Derecho Ambiental y Derecho del Trabajo, Universidad Austral, 19 de octubre de 2021.<\/p>\n\n\n\n<p>&#8211;&nbsp;&nbsp;&nbsp;&nbsp;&nbsp;&nbsp; Asistente en Masterclass \u201cCobertura Covid-19 en el sistema de riesgos del trabajo \u2013 Obligaciones de las ART\u201d organizada en el marco de la Maestr\u00eda en Derecho del Trabajo y Relaciones Laborales, Facultad de Derecho de la Universidad Austral, 18 de febrero de 2022.<\/p>\n\n\n\n<p>&#8211;&nbsp;&nbsp;&nbsp;&nbsp;&nbsp;&nbsp; Asistente en curso \u201cEl porvenir del Derecho del Trabajo y de la Seguridad Social. Reflexiones y aportes en \u00e9poca de incertidumbres\u201d, dirigido por el Dr. Iv\u00e1n Gabriel Lupinacci, organizado por la Asociaci\u00f3n Argentina de Derecho del Trabajo y Seguridad Social (AADTYSS), del 15 de noviembre de 2023 al 6 de diciembre de 2023.<\/p>\n\n\n\n<p>&#8211;&nbsp;&nbsp;&nbsp;&nbsp;&nbsp;&nbsp; Asistente en Masterclass \u201cEl futuro de los intereses en materia laboral. Fallo CSJN Oliva c. Coma\u201d organizado por la Maestr\u00eda en Derecho del Trabajo y Relaciones Laborales de la Universidad Austral, 13 de marzo de 2024.<\/p>\n\n\n\n<p>&#8211;&nbsp;&nbsp;&nbsp;&nbsp;&nbsp;&nbsp; Asistente en \u201cJornadas de actualizaci\u00f3n en Derecho Procesal y Probatorio\u201d organizadas por la Facultad de Derecho de la Universidad Austral y la Facultad de Derecho de la Universidad Nacional de Mar del Plata, 20 y 21 de marzo de 2024.<\/p>\n\n\n\n<p>&#8211;&nbsp;&nbsp;&nbsp;&nbsp;&nbsp;&nbsp; Asistente en \u201cJornada de Derecho Concursal. Preparatoria del XXII Congreso Argentino de Derecho Concursal y X Congreso Iberoamericano de la Insolvencia 2024\u201d, organizado por el Departamento de Derecho de la Empresa de la Facultad de Derecho de la Universidad Austral, Departamento de Alumni \u2013 Graduados FD de la Universidad Austral, y por el Instituto Argentino de Derecho Comercial, 4 de abril de 2024.<\/p>\n\n\n\n<p>&#8211;&nbsp;&nbsp;&nbsp;&nbsp;&nbsp;&nbsp; Asistente en curso \u201cCriptomonedas: Dinero digital, descentralizaci\u00f3n e implicancias jur\u00eddicas\u201d, organizado en el marco del Programa de Perfeccionamiento en el Ejercicio Profesional, Departamento de Graduados de la Facultad de Derecho de la Universidad de Buenos Aires, marzo \u2013 abril 2024.<\/p>\n\n\n\n<p>&#8211;&nbsp;&nbsp;&nbsp;&nbsp;&nbsp;&nbsp; Asistente en \u201cNuevo Ciclo de Protecci\u00f3n de Datos Personales\u201d, organizado por Editorial Microjuris, del 1 de julio de 2024 al 15 de julio de 2024.<\/p>\n\n\n\n<p>&#8211;&nbsp;&nbsp;&nbsp;&nbsp;&nbsp;&nbsp; Asistente en \u201cCurso y Programa de uso estrat\u00e9gico y responsable de IA generativa en la Abogac\u00eda\u201d, organizado por la Facultad de Derecho de la Universidad de Buenos Aires, IALAB, Asociaci\u00f3n de Impulsores de Legaltech en Argentina, JUSLAB, y el Laboratorio de Innovaci\u00f3n Tecnol\u00f3gica de la Facultad de Derecho de la Universidad de Lomas de Zamora, a\u00f1o 2024.<\/p>\n\n\n\n<p>&#8211;&nbsp;&nbsp;&nbsp;&nbsp;&nbsp;&nbsp; Asistente en \u201cSeminario Ley Bases. Alcances y desaf\u00edos de la reforma laboral\u201d, organizado por el Departamento de Derecho del Trabajo y la Maestr\u00eda en Derecho del Trabajo y Relaciones Laborales de la Facultad de Derecho de la Universidad Austral, del 27 de septiembre de 2024 al 26 de noviembre de 2024.<\/p>\n\n\n\n<p>&#8211;&nbsp;&nbsp;&nbsp;&nbsp;&nbsp;&nbsp; Asistente en \u201cII Jornadas de Actualizaci\u00f3n en Derecho Procesal y Probatorio\u201d, organizado por la Maestr\u00eda en Derecho Procesal de la Universidad Austral, la Facultad de Derecho de la Universidad de Mar del Plata, y el Colegio de Abogados de Mar del Plata, 10 y 11 de abril de 2025.<\/p>\n\n\n\n<p>&#8211;&nbsp;&nbsp;&nbsp;&nbsp;&nbsp;&nbsp; Asistente en curso \u201cDerecho econ\u00f3mico y empresarial actual\u201d, organizado por el Departamento de Graduados de la Facultad de Derecho de la Universidad de Buenos Aires, del 19 de agosto de 2025 al 19 de septiembre de 2025.<\/p>\n\n\n\n<p><strong>Actividad Acad\u00e9mica<\/strong><\/p>\n\n\n\n<p>&#8211;&nbsp;&nbsp;&nbsp;&nbsp;&nbsp;&nbsp; Ex Ayudante de Segunda en la materia \u201cProcedimiento Sucesorio\u201d, C\u00e1tedra del Dr. D\u00edaz Solimine, curso a cargo del Dr. Gabriel Tamborenea, Facultad de Derecho de la Universidad de Buenos Aires (2016 \u2013 2018).<\/p>\n\n\n\n<p>&#8211;&nbsp;&nbsp;&nbsp;&nbsp;&nbsp;&nbsp; Colaborador en tesis doctoral del Dr. Claudio A. Aquino titulada \u201cIncompatibilidades del modelo sindical argentino con los principios y valores republicanos de un Estado de Derecho (1983-2019)\u201d, Universidad del Museo Social Argentino, A\u00f1o 2019.<\/p>\n\n\n\n<p>&#8211;&nbsp;&nbsp;&nbsp;&nbsp;&nbsp;&nbsp; Miembro activo del Cuerpo de Autores de la Revista Derecho del Trabajo de la Editorial La Ley &#8211; Thomson Reuters.<\/p>\n\n\n\n<p>&#8211;&nbsp;&nbsp;&nbsp;&nbsp;&nbsp;&nbsp; Coautor en Columna Actualidad Jurisprudencial Laboral del Diario mensual Editorial La Ley Thomson Reuters.<\/p>\n\n\n\n<p>&#8211;&nbsp;&nbsp;&nbsp;&nbsp;&nbsp;&nbsp; Segundo lugar en el II Concurso de becas para la Maestr\u00eda en Derecho del Trabajo y Relaciones Laborales MDTyRL 2021 por el articulo denominado \u201c<em>Consideraciones elementales de la locaci\u00f3n de servicios y su di\u00e1fana distinci\u00f3n de los contratos de trabajo. Un an\u00e1lisis omnicomprensivo desde la jurisprudencia emanada de los Tribunales Argentinos<\/em>\u201d.<\/p>\n\n\n\n<p>&#8211;&nbsp;&nbsp;&nbsp;&nbsp;&nbsp;&nbsp; Ex Profesor Titular de las asignaturas \u201cDerecho Civil, Penal y Laboral\u201d, y \u201c\u00c9tica y Deontolog\u00eda\u201d en Cruz Roja Argentina, Filial San Fernando.<\/p>\n\n\n\n<p>&#8211;&nbsp;&nbsp;&nbsp;&nbsp;&nbsp;&nbsp; Miembro del Comit\u00e9 de Direcci\u00f3n de Trabajo Final de la Maestr\u00eda en Derecho del Trabajo y Relaciones Laborales de la Universidad Austral.<\/p>\n\n\n\n<p>&#8211;&nbsp;&nbsp;&nbsp;&nbsp;&nbsp;&nbsp; Coordinador de la asignatura \u201cMDTR03-Dimensi\u00f3n colectiva e internacional de las relaciones del trabajo&#8221; de la Maestr\u00eda en Derecho del Trabajo y Relaciones Laborales de la Universidad Austral.<\/p>\n\n\n\n<p>&#8211;&nbsp;&nbsp;&nbsp;&nbsp;&nbsp;&nbsp; Docente invitado de la asignatura \u201cMDTRL17 \u2013 Decisiones y actos jur\u00eddicos laborales II\u201d de la Maestr\u00eda en Derecho del Trabajo y Relaciones Laborales de la Universidad Austral.<\/p>\n\n\n\n<p>&#8211;&nbsp;&nbsp;&nbsp;&nbsp;&nbsp;&nbsp; Docente Titular de la asignatura \u201cDerecho Individual del Trabajo\u201d en la Universidad Argentina de la Empresa.<\/p>\n\n\n\n<p><strong>Art\u00edculos.<\/strong><\/p>\n\n\n\n<p>&#8211;&nbsp;&nbsp;&nbsp;&nbsp;&nbsp;&nbsp; Autor del art\u00edculo \u201c<em>La protecci\u00f3n del salario en casos de insolvencia del empleador. An\u00e1lisis de la figura del pronto pago laboral a la luz del Convenio 173\/1993 O.I.T.. Una mirada comprensiva desde el derecho concursal y el derecho del trabajo<\/em>\u201d, Revista Derecho del Trabajo La Ley Nro. 11, Noviembre 2019, Suplemento Especial por los 100 A\u00f1os de la Organizaci\u00f3n Internacional del Trabajo, Ed. La Ley &#8211; Thomson Reuters, Diciembre 2019, Cita Online TR LALEY AR\/DOC\/3187\/2019<\/p>\n\n\n\n<p>&#8211;&nbsp;&nbsp;&nbsp;&nbsp;&nbsp;&nbsp; Autor del art\u00edculo \u201c<em>R\u00e9gimen legal de pasant\u00edas. Su aplicaci\u00f3n en la pr\u00e1ctica y su incidencia en los contratos de trabajo emanados de ellas. Comentario a Fallo CNTrab. Sala I, 09\/08\/2019, \u201cFabiani, Marcelo Mart\u00edn c\/ Banco Santander R\u00edo S.A. s\/ Despido<\/em>\u201d, Revista Derecho del Trabajo La Ley Nro. 1, febrero 2020, Ed. La Ley &#8211; Thomson Reuters, Febrero 2020, Cita Online TR LALEY AR\/DOC\/160\/2020<\/p>\n\n\n\n<p>&#8211;&nbsp;&nbsp;&nbsp;&nbsp;&nbsp;&nbsp; Autor del art\u00edculo \u201c<em>La aplicaci\u00f3n del art\u00edculo 92 bis de la Ley de Contrato de Trabajo en tiempos de Covid-19. La validez del DNU 329\/2020 como norma de emergencia<\/em>\u201d, Newsletter Especial Covid-19, La Ley Online, Editorial Thomson Reuters \u2013 La Ley, abril 2020, Cita Online TR LALEY AR\/DOC\/1163\/2020.<\/p>\n\n\n\n<p>&#8211;&nbsp;&nbsp;&nbsp;&nbsp;&nbsp;&nbsp; Autor del art\u00edculo \u201c<em>La aplicaci\u00f3n del art\u00edculo 92 bis de la Ley de Contrato de Trabajo en tiempos de Covid-19. La validez del DNU 329\/2020 como norma de emergencia<\/em>\u201d, Revista Derecho del Trabajo Nro. 3, mayo 2020, La Ley, Ed. La Ley &#8211; Thomson Reuters, mayo 2020.<\/p>\n\n\n\n<p>&#8211;&nbsp;&nbsp;&nbsp;&nbsp;&nbsp;&nbsp; Autor del art\u00edculo \u201c<em>El impacto de la reforma de la ley concursal en el derecho del trabajo. La aplicaci\u00f3n del Procedimiento de Reestructuraci\u00f3n Empresaria Simplificado como m\u00e9todo de soluci\u00f3n de conflictos laborales<\/em>\u201d, Newsletter Especial, La Ley Online Editorial La Ley \u2013 Thomson Reuters, julio 2020, Cita Online TR LALEY AR\/DOC\/2357\/2020.<\/p>\n\n\n\n<p>&#8211;&nbsp;&nbsp;&nbsp;&nbsp;&nbsp;&nbsp; Coautor del art\u00edculo \u201c<em>La Reposici\u00f3n In Extremis y su aplicaci\u00f3n como remedio id\u00f3neo contra sentencias definitivas dictadas por Tribunales Laborales de la Provincia de Buenos Aires<\/em>\u201d, Revista Derecho del Trabajo Nro.1, Enero 2021, Editorial Thomson Reuters \u2013 La Ley, enero 2021, Cita Online TR LALEY AR\/DOC\/3288\/2020.<\/p>\n\n\n\n<p>&#8211;&nbsp;&nbsp;&nbsp;&nbsp;&nbsp;&nbsp; Autor del art\u00edculo \u201c<em>La licencia gremial y su r\u00e9gimen jur\u00eddico. La traslaci\u00f3n t\u00e1cita de obligaciones a las asociaciones gremiales. Comentario a fallo CNTrab., Sala V, 09\/09\/2020, \u201cTignanelli, Juan Manuel c\/ Administraci\u00f3n Nacional de la Seguridad Social ANSES s\/ Juicio Sumar\u00edsimo\u201d<\/em>, Revista Derecho del Trabajo Nro. 1, Enero 2021, Editorial Thomson Reuters \u2013 La Ley, Enero 2021, Cita Online TR LALEY AR\/DOC\/3399\/2020.<\/p>\n\n\n\n<p>&#8211;&nbsp;&nbsp;&nbsp;&nbsp;&nbsp;&nbsp; Autor del art\u00edculo \u201c<em>Cr\u00e9ditos laborales en moneda extranjera. An\u00e1lisis a la luz de la jurisprudencia emanada de la C\u00e1mara Nacional de Apelaciones en lo Comercial<\/em>\u201d, Revista Derecho del Trabajo Nro. 2, Marzo 2021, Editorial Thomson Reuters \u2013 La Ley, marzo 2021, Cita Online TR LALEY AR\/DOC\/3991\/2020.<\/p>\n\n\n\n<p>&#8211;&nbsp;&nbsp;&nbsp;&nbsp;&nbsp;&nbsp; Autor del art\u00edculo \u201c<em>Consideraciones elementales de la locaci\u00f3n de servicios y su di\u00e1fana distinci\u00f3n de los contratos de trabajo. Un an\u00e1lisis omnicomprensivo desde la jurisprudencia emanada de los Tribunales Argentinos\u201d<\/em>, Revista Derecho del Trabajo Nro. 4, Julio 2021, Editorial Thomson Reuters \u2013 La Ley, Julio 2021, Cita Online TR LALEY AR\/DOC\/988\/2021.<\/p>\n\n\n\n<p>&#8211;&nbsp;&nbsp;&nbsp;&nbsp;&nbsp;&nbsp; Coautor del art\u00edculo \u201c<em>Las cl\u00e1usulas de indemnidad laboral y su operatividad frente al incumplimiento del deber de control del art. 30 LCT<\/em>\u201d, Revista Derecho del Trabajo Nro. 5, Septiembre 2021, Editorial Thomson Reuters \u2013 La Ley, Septiembre 2021, TR LALEY AR\/DOC\/2454\/2021.<\/p>\n\n\n\n<p>&#8211;&nbsp;&nbsp;&nbsp;&nbsp;&nbsp;&nbsp; Autor del art\u00edculo \u201c<em>El principio de buena fe como valor \u00e9tico en la faz post contractual en el marco del contrato de trabajo. An\u00e1lisis a la luz del fallo \u201cL\u00f3pez Gladys Mabel c\/ Sasia Walter Gerardo s\/ Da\u00f1os y Perjuicios por afectaci\u00f3n de la dignidad\u201d<\/em>, Editorial Thomson Reuters \u2013 La Ley, Diario La Ley 24\/09\/2021, Cita Online TR LALEY AR\/DOC\/2730\/2021.<\/p>\n\n\n\n<p>&#8211;&nbsp;&nbsp;&nbsp;&nbsp;&nbsp;&nbsp; Autor del art\u00edculo \u201c<em>La alternancia en el poder de las organizaciones sindicales y la inclusi\u00f3n de la representaci\u00f3n de las minor\u00edas. La reforma del modelo sindical argentino a trav\u00e9s de la Ley Mucci<\/em>\u201d, Revista Derecho del Trabajo Nro. 6 Noviembre 2021, Editorial Thomson Reuters \u2013 La Ley, noviembre 2021, Cita Online TR LALEY AR\/DOC\/3072\/2021.<\/p>\n\n\n\n<p>&#8211;&nbsp;&nbsp;&nbsp;&nbsp;&nbsp;&nbsp; Autor del art\u00edculo \u201c<em>El Covid-19 y el derecho del trabajo. El preponderante rol de las organizaciones sindicales en pos de la recuperaci\u00f3n productiva<\/em>\u201d, Revista Derecho del Trabajo Nro. 2 Marzo 2022, Editorial Thomson Reuters \u2013 La Ley, Marzo 2022, Cita Online TR LALEY AR\/DOC\/695\/2022.<\/p>\n\n\n\n<p>&#8211;&nbsp;&nbsp;&nbsp;&nbsp;&nbsp;&nbsp; Autor del art\u00edculo \u201c<em>Cr\u00e9ditos laborales en moneda extranjera a la luz de la jurisprudencia de la C\u00e1mara Nacional de Apelaciones del Trabajo. Disquisiciones acerca del fallo \u201cDe Nevares Alejandro c\/ Citibank N.A. s\/ Despido\u201d, <\/em>Revista Derecho del Trabajo Nro. 4 Julio 2022, Editorial Thomson Reuters \u2013 La Ley.<\/p>\n\n\n\n<p>&#8211;&nbsp;&nbsp;&nbsp;&nbsp;&nbsp;&nbsp; Coautor del art\u00edculo \u201c<em>Actualidad respecto de la eficacia de las notificaciones epistolares. Comentario al fallo \u201cColombo Lidia del Carmen c\/ Hair System S.A s\/ Despido<\/em>\u201d, Revista Derecho del Trabajo Nro. 5 Septiembre 2022, Editorial Thomson Reuters \u2013 La Ley, Cita Online TR LALEY AR\/DOC\/2432\/2022.<\/p>\n\n\n\n<p>&#8211;&nbsp;&nbsp;&nbsp;&nbsp;&nbsp;&nbsp; Autor del art\u00edculo \u201c<em>El fraude laboral consensuado. \u00bfUn nuevo paradigma frente a la dicotom\u00eda existente entre la autonom\u00eda de la voluntad y el orden p\u00fablico laboral?. Consideraciones a la luz del fallo \u201cPetit de Meurville Javier Eduardo c\/ Gimnasios Argentinos S.A y otro s\/ Despido\u201d\u201d, <\/em>Revista Derecho del Trabajo Nro. 6 Noviembre 2022, Editorial Thomson Reuters \u2013 La Ley, Noviembre 2022.<\/p>\n\n\n\n<p>&#8211;&nbsp;&nbsp;&nbsp;&nbsp;&nbsp;&nbsp; Autor del art\u00edculo \u201c<em>El r\u00e9gimen de contrataci\u00f3n de los m\u00e9dicos residentes \u00bfFormaci\u00f3n acad\u00e9mica o encubrimiento de una relaci\u00f3n laboral?<\/em>\u201d, Revista Derecho del Trabajo Nro. 3 junio 2023, Editorial Thomson Reuters \u2013 La Ley, junio 2023, Cita Online TR LALEY AR\/DOC\/943\/2023.<\/p>\n\n\n\n<p>&#8211;&nbsp;&nbsp;&nbsp;&nbsp;&nbsp;&nbsp; Autor del art\u00edculo \u201c<em>Consideraciones elementales a ra\u00edz del art. 225 LCT. La transferencia de los establecimientos y sus implicancias en los contratos de trabajo. Comentario al fallo de la SCBA \u201c\u00c1lvarez Mar\u00eda Ester c\/ Establecimiento Metal\u00fargica S.R.L y otros s\/ Despido<\/em>\u201d, Revista Derecho del Trabajo Nro. 4 Julio 2023, Editorial Thomson Reuters \u2013 La Ley<\/p>\n\n\n\n<p>&#8211;&nbsp;&nbsp;&nbsp;&nbsp;&nbsp;&nbsp; Autor del art\u00edculo \u201c<em>Las nuevas modalidades de trabajo y el dinamismo del derecho laboral. Comentario al fallo Sala II de la CNAT \u201cGechelin Carla Agustina c\/ Katz Jorge Silvio s\/ Despido\u201d<\/em>, Diario La Ley 17-08-2023, Editorial Thomson Reuters \u2013 La Ley, Cita Online TR LALEY AR\/DOC\/1905\/2023.<\/p>\n\n\n\n<p>&#8211;&nbsp;&nbsp;&nbsp;&nbsp;&nbsp;&nbsp; Autor del art\u00edculo \u201c<em>Apreciaciones pr\u00e1cticas del abandono de trabajo. Consideraciones a prop\u00f3sito del precedente de la Sala X de la CNAT \u201cLema Rial Gonzalo Ezequiel c\/ Cirug\u00eda Endovascular S.A s\/ Despido\u201d<\/em>, Revista Derecho del Trabajo Nro. 5 Septiembre 2023, Editorial Thomson Reuters \u2013 La Ley.<\/p>\n\n\n\n<p>&#8211;&nbsp;&nbsp;&nbsp;&nbsp;&nbsp;&nbsp; Autor del art\u00edculo \u201c<em>Irrenunciabilidad vs. Autonom\u00eda de la voluntad. La validez de los acuerdos bilaterales de extinci\u00f3n del contrato de trabajo<\/em>\u201d, Revista Derecho del Trabajo Nro. 6 Noviembre 2023, Editorial Thomson Reuters \u2013 La Ley.<\/p>\n\n\n\n<p>&#8211;&nbsp;&nbsp;&nbsp;&nbsp;&nbsp;&nbsp; Autor del art\u00edculo \u201c<em>La noci\u00f3n del riesgo empresario y su incidencia en la finalizaci\u00f3n de los contratos de trabajo<\/em>\u201d, Editorial Thomson Reuters \u2013 La Ley, Revista Derecho del Trabajo Nro. 1 Enero 2024, Editorial Thomson Reuters \u2013 La Ley.<\/p>\n\n\n\n<p>&#8211;&nbsp;&nbsp;&nbsp;&nbsp;&nbsp;&nbsp; Autor del art\u00edculo \u201c<em>La entrega de los certificados laborales a la luz del DNU 70\/2023.El futuro de las indemnizaciones a ra\u00edz de la modificaci\u00f3n de las normas laborales<\/em>\u201d, Revista Derecho del Trabajo Nro. 1 Enero 2024, Editorial Thomson Reuters \u2013 La Ley, y en obra colectiva \u201c<em>DNU 70\/2023. Bases para la Reconstrucci\u00f3n de la Econom\u00eda Argentina<\/em>\u201d, Ed. Thomson Reuters \u2013 La Ley, a\u00f1o 2024.<\/p>\n\n\n\n<p>&#8211;&nbsp;&nbsp;&nbsp;&nbsp;&nbsp;&nbsp; Autor del art\u00edculo \u201c<em>La ausencia de buena fe como causa justa en el despido. Comentario al fallo Sala X CNAT \u201cBillordo, Blanca Azucena del Rosario c\/ Rex Argentina S.A. s\/ Despido\u201d<\/em>, Revista Derecho del Trabajo Nro. 2 Marzo 2024, Editorial Thomson Reuters \u2013 La Ley.<\/p>\n\n\n\n<p>&#8211;&nbsp;&nbsp;&nbsp;&nbsp;&nbsp;&nbsp; Autor del art\u00edculo \u201c<em>Los vaivenes interpretativos sobre el art. 30 LCT y la imperiosa necesidad de reforma. Comentario al fallo Sala X CNAT \u201cAlaniz Alberto Osmar c\/ Empresa de Seguridad Falcon S.A y otros s\/ Despido<\/em>\u201d, Diario La Ley 03-05-2024, Editorial Thomson Reuters \u2013 La Ley, Cita Online TR LALEY AR\/DOC\/1070\/2024<\/p>\n\n\n\n<p>&#8211;&nbsp;&nbsp;&nbsp;&nbsp;&nbsp;&nbsp; Autor del art\u00edculo \u201c<em>La reforma del art. 136 LCT propuesta por la Ley de Bases y su incidencia en la responsabilidad solidaria del art. 30 LCT<\/em>\u201d, Editorial Thomson Reuters \u2013 La Ley, Cita Online TR LALEY AR\/DOC\/1172\/2024.<\/p>\n\n\n\n<p>&#8211;&nbsp;&nbsp;&nbsp;&nbsp;&nbsp;&nbsp; Autor del art\u00edculo \u201c<em>La falta a los deberes de conducta en el despido. La p\u00e9rdida de confianza y la denuncia del contrato de trabajo. Disquisiciones a la luz del fallo Sala VIII CNAT \u201cCortez Diego Ram\u00f3n c\/ Rivera Norberto Omar y otro s\/ Despido<\/em>\u201d, Diario La Ley 28-05-2024, Editorial Thomson Reuters \u2013 La Ley, Cita Online TR LALEY AR\/DOC\/1263\/2024.<\/p>\n\n\n\n<p>&#8211;&nbsp;&nbsp;&nbsp;&nbsp;&nbsp;&nbsp; Autor del art\u00edculo \u201c<em>El futuro de las tasas de inter\u00e9s en la Justicia Nacional del Trabajo\u201d<\/em>, Revista Derecho del Trabajo Nro. 3 Mayo 2024, Editorial Thomson Reuters \u2013 La Ley.<\/p>\n\n\n\n<p>&#8211;&nbsp;&nbsp;&nbsp;&nbsp;&nbsp;&nbsp; Autor del art\u00edculo \u201c<em>Intereses aplicables a los juicios laborales. El culebr\u00f3n detr\u00e1s de la fijaci\u00f3n del \u00edndice tras el pronunciamiento de la Corte Suprema\u201d, <\/em>Diario La Ley 12-07-2024, Editorial Thomson Reuters \u2013 La Ley, Cita Online TR LALEY AR\/DOC\/1753\/2024.<\/p>\n\n\n\n<p>&#8211;&nbsp;&nbsp;&nbsp;&nbsp;&nbsp;&nbsp; Autor del art\u00edculo \u201c<em>La modificaci\u00f3n del per\u00edodo de prueba a partir de la sanci\u00f3n de la Ley Bases<\/em>\u201d, Diario La Ley 24-07-2024, Editorial Thomson Reuters \u2013 La Ley, Cita Online TR LALEY AR\/DOC\/1805\/2024.<\/p>\n\n\n\n<p>&#8211;&nbsp;&nbsp;&nbsp;&nbsp;&nbsp;&nbsp; Autor del art\u00edculo \u201c<em>La facultad de control m\u00e9dico del art. 210 LCT y las dificultades a la hora de su aplicaci\u00f3n<\/em>\u201d, Revista Derecho del Trabajo Nro. 5 Septiembre 2024, Editorial Thomson Reuters \u2013 La Ley, Cita Online TR LALEY AR\/DOC\/2040\/2024.<\/p>\n\n\n\n<p>&#8211;&nbsp;&nbsp;&nbsp;&nbsp;&nbsp;&nbsp; Autor del art\u00edculo \u201c<em>La aplicaci\u00f3n del principio de la ley penal m\u00e1s benigna para el caso de las multas laborales<\/em>\u201d, Editorial Thomson Reuters \u2013 La Ley, Diario 24-06-2025, TR LALEY AR\/DOC\/1504\/2025.<\/p>\n\n\n\n<p>&#8211;&nbsp;&nbsp;&nbsp;&nbsp;&nbsp;&nbsp; Autor del art\u00edculo \u201c<em>La necesidad de reforma de la ley 18.345 y la posible inclusi\u00f3n de la caducidad de instancia al proceso laboral nacional<\/em>\u201d, Revista Derecho del Trabajo Nro. 1 Enero 2025, Editorial Thomson Reuters \u2013 La Ley, Cita Online TR LALEY AR\/DOC\/3135\/2024.<\/p>\n\n\n\n<p>&#8211;&nbsp;&nbsp;&nbsp;&nbsp;&nbsp;&nbsp; Autor del art\u00edculo \u201c<em>Aspectos laborales del contrato de franquicia y la tergiversaci\u00f3n de la responsabilidad solidaria derivada del art. 30 LCT. A prop\u00f3sito del fallo CNAT Sala VIII \u201cMart\u00ednez Nahir c\/ Caf\u00e9 Seis Hermanos S.A y otros s\/ Despido<\/em>\u201d , Editorial Thomson Reuters \u2013 La Ley, Revista Derecho del Trabajo Nro. 2 Marzo 2025, Editorial Thomson Reuters \u2013 La Ley, Cita Online TR LALEY AR\/DOC\/368\/2025.<\/p>\n\n\n\n<p>&#8211;&nbsp;&nbsp;&nbsp;&nbsp;&nbsp;&nbsp; Coautor del art\u00edculo \u201c<em>Las consecuencias del art. 97 de la ley 27.742. Algunas consideraciones en voz alta en torno a su aplicaci\u00f3n<\/em>\u201d, Editorial Thomson Reuters \u2013 La Ley, Revista Derecho del Trabajo Nro. 3 Mayo 2025, Editorial Thomson Reuters \u2013 La Ley.<\/p>\n\n\n\n<p>&#8211;&nbsp;&nbsp;&nbsp;&nbsp;&nbsp;&nbsp; Autor del art\u00edculo \u201c<em>Aspectos procesales del pronto pago laboral y sus modificaciones a partir del fallo Acevedo<\/em>\u201d, 5 de junio de 2025, Editorial Microjuris, MJ-DOC-18299-AR \/ MJD18299.<\/p>\n\n\n\n<p>&#8211;&nbsp;&nbsp;&nbsp;&nbsp;&nbsp;&nbsp; Autor del art\u00edculo \u201c<em>Decreto 342\/2025: cuando la libertad atenta contra la libertad<\/em>\u201d, Editorial Thomson Reuters \u2013 La Ley, Diario 07-08-2025, Cita Online TR LALEY AR\/DOC\/1810\/2025.<\/p>\n\n\n\n<p>&#8211;&nbsp;&nbsp;&nbsp;&nbsp;&nbsp;&nbsp; Autor del art\u00edculo \u201c<em>La protecci\u00f3n del embarazo y su contrapunto con el despido por per\u00edodo de prueba. Comentario al fallo CNAT, Sala VIII, \u201cM.E.P c\/ Banco de la Ciudad de Buenos Aires S.A. y otro s\/ Despido<\/em>\u201d, Editorial Thomson Reuters \u2013 La Ley, Revista Derecho del Trabajo Nro. 5 septiembre 2025, Cita Online TR LALEY AR\/DOC\/2017\/2025<\/p>\n\n\n\n<p>&#8211;&nbsp;&nbsp;&nbsp;&nbsp;&nbsp;&nbsp; Autor del art\u00edculo \u201c<em>El incumplimiento al deber de no concurrencia como injuria. Comentario al fallo CNAT, Sala VII, \u201cP. G. V. c\/ Wamaro S.A. s\/ Despido<\/em>\u201d, Editorial Thomson Reuters \u2013 La Ley, Revista Derecho del Trabajo Nro. 5 septiembre 2025, Cita Online TR LALEY AR\/DOC\/2015\/2025<\/p>\n\n\n\n<p>&#8211;&nbsp;&nbsp;&nbsp;&nbsp;&nbsp;&nbsp; Autor del art\u00edculo \u201c<em>Los vicios de la voluntad en los &#8220;retiros voluntarios&#8221;. Algunas consideraciones en torno a la renuncia negociada del art. 241 LCT. Comentario al fallo CNAT, Sala VIII, \u201cPalermo Luciano Pablo c\/ Lan Argentina S.A s\/ Despido<\/em>\u201d, Editorial Thomson Reuters \u2013 La Ley, Diario 21-10-2025, TR LALEY AR\/DOC\/2661\/2025.<\/p>\n\n\n\n<p>&#8211;&nbsp;&nbsp;&nbsp;&nbsp;&nbsp;&nbsp; Autor del art\u00edculo \u201c<em>La doctrina de los actos propios y su incidencia en la finalizaci\u00f3n del contrato de trabajo. Comentario al fallo CNAT, Sala X, \u201cC.S.M c\/ SISEG SRL s\/ Despido<\/em>\u201d, Editorial Thomson Reuters \u2013 La Ley, Revista Derecho del Trabajo Nro. 6 noviembre 2025, Cita Online TR LALEY AR\/DOC\/2680\/2025.<\/p>\n\n\n\n<p>&#8211;&nbsp;&nbsp;&nbsp;&nbsp;&nbsp;&nbsp; Autor del art\u00edculo \u201c<em>La prueba testifical en el proceso laboral nacional. Algunas pautas de valoraci\u00f3n a tener en cuenta para el ejercicio profesional<\/em>\u201d, Revista de Derecho Procesal y Procesal Inform\u00e1tico, N\u00famero 21, diciembre 2025, Editorial Microjuris, MJ-DOC-18442-AR \/ MJD18442.<\/p>\n\n\n\n<p>&#8211;&nbsp;&nbsp;&nbsp;&nbsp;&nbsp;&nbsp; Autor del art\u00edculo \u201c<em>Consideraciones en torno a la modernizaci\u00f3n del art. 30 LCT<\/em>\u201d, Editorial Thomson Reuters \u2013 La Ley, Cita Online TR LALEY AR\/DOC\/3233\/2025.<\/p>\n\n\n\n<p>&#8211;&nbsp;&nbsp;&nbsp;&nbsp;&nbsp;&nbsp; Autor del art\u00edculo \u201c<em>La reforma de la Ley 18.345 a partir del Proyecto de Modernizaci\u00f3n Laboral<\/em>\u201d, Editorial Thomson Reuters \u2013 La Ley, Cita Online TR LALEY AR\/DOC\/3232\/2025.<\/p>\n\n\n\n<p>&#8211;&nbsp;&nbsp;&nbsp;&nbsp;&nbsp;&nbsp; Autor del art\u00edculo \u201c<em>Los vicios de la voluntad en la comunicaci\u00f3n de la renuncia<\/em>\u201d, Editorial Thomson Reuters \u2013 La Ley, publicaci\u00f3n pendiente.<\/p>\n\n\n\n<p>&#8211;&nbsp;&nbsp;&nbsp;&nbsp;&nbsp;&nbsp; Autor del art\u00edculo \u201c<em>Trabajadores expatriados. Dependencia de las sucursales y el pago de salarios e indemnizaciones\u201d, <\/em>Editorial Thomson Reuters \u2013 La Ley, publicaci\u00f3n pendiente.<\/p>\n\n\n\n<p><strong>Libros y Obras Colectivas<\/strong><\/p>\n\n\n\n<p>&#8211;&nbsp;&nbsp;&nbsp;&nbsp;&nbsp;&nbsp; Colaborador en el Cap\u00edtulo XI de la obra \u201c<em>El Derecho del Trabajo en los fallos de la C\u00e1mara Nacional de Apelaciones del Trabajo. Instituciones relevantes<\/em>\u201d (Dir. Mario Silvio Fera) titulado \u201c<em>La libertad sindical a trav\u00e9s de la eminente labor jurisprudencial realizada por la C\u00e1mara Nacional de Apelaciones del Trabajo<\/em>\u201d bajo la autor\u00eda de Claudio Alberto Aquino y Nahuel Nehu\u00e9n Espinillo, Editorial Thomson Reuters \u2013 La Ley, a\u00f1o 2022.<\/p>\n\n\n\n<p>&#8211;&nbsp;&nbsp;&nbsp;&nbsp;&nbsp;&nbsp; Autor del cap\u00edtulo \u201c<em>Protecci\u00f3n salarial en procesos falenciales. El derecho de pronto pago laboral en concursos y quiebras<\/em>\u201d, en \u201c<em>Derecho del Trabajo en el Siglo XXI. La influencia de la tecnolog\u00eda y las nuevas formas de trabajo en las relaciones laborales<\/em>\u201d, Dir. Claudio A. Aquino, Coord. Nahuel Nehu\u00e9n Espinillo, Ed. Thomson Reuters \u2013 La Ley, publicaci\u00f3n pendiente.<\/p>\n\n\n\n<p>&#8211;&nbsp;&nbsp;&nbsp;&nbsp;&nbsp;&nbsp; Colaborador en la obra \u201c<em>Incompatibilidades del modelo sindical argentino con los principios y valores republicanos de un Estado de Derecho<\/em>\u201d bajo la autor\u00eda de Claudio Alberto Aquino, Editorial Thomson Reuters \u2013 La Ley, a\u00f1o 2023.<\/p>\n\n\n\n<p>&#8211;&nbsp;&nbsp;&nbsp;&nbsp;&nbsp;&nbsp; Autor del art\u00edculo \u201c<em>La entrega de los certificados laborales a la luz del DNU 70\/2023. El futuro de las indemnizaciones a ra\u00edz de la modificaci\u00f3n de las normas laborales<\/em>\u201d, en obra colectiva \u201c<em>DNU 70\/2023. Bases para la Reconstrucci\u00f3n de la Econom\u00eda Argentina<\/em>\u201d, Ed. Thomson Reuters \u2013 La Ley, a\u00f1o 2024.<\/p>\n\n\n\n<p><strong>Direcciones de Tesis<\/strong><\/p>\n\n\n\n<p>&#8211;&nbsp;&nbsp;&nbsp;&nbsp;&nbsp;&nbsp; Director de Tesis del del trabajo \u201cLa contribuci\u00f3n al SITRAJUR y el promontorio de libertad sindical\u201d, elaborada por Gustavo Emilio Perazzolli, Maestr\u00eda en Derecho del Trabajo y Relaciones Laborales de la Universidad Austral; defendida y aprobada con m\u00e1xima calificaci\u00f3n y recomendaci\u00f3n de publicaci\u00f3n, 2025.<\/p>\n\n\n\n<p>&#8211;&nbsp;&nbsp;&nbsp;&nbsp;&nbsp;&nbsp; Director de Tesis del del trabajo \u201cLos trabajadores de plataformas digitales, la relaci\u00f3n de dependencia y sus alcances en la era 3.0\u201d, elaborada por Santiago Alberto Palavecino, Maestr\u00eda en Derecho del Trabajo y Relaciones Laborales de la Universidad Austral; defendida y aprobada, 2025.<\/p>\n\n\n\n<p>&#8211;&nbsp;&nbsp;&nbsp;&nbsp;&nbsp;&nbsp; Director de Tesis del del trabajo \u201cCaso Nro. 9 \u2013 \u201cAlberti Claudio c\/ Fruit Company S.A\u201d, elaborada por Betiana Patricia Caro, Maestr\u00eda en Derecho del Trabajo y Relaciones Laborales de la Universidad Austral; defendida y aprobada con recomendaci\u00f3n de publicaci\u00f3n, 2025.<\/p>\n\n\n\n<p>&#8211;&nbsp;&nbsp;&nbsp;&nbsp;&nbsp;&nbsp; Director de Tesis del del trabajo \u201cCaso Nro. 3 \u2013 \u201cMandic Elsa c\/ Consorcio de Propietarios Edificio Av. Del Libertador 1250\u201d, elaborada por Rodrigo Carballeira Gibson, Maestr\u00eda en Derecho del Trabajo y Relaciones Laborales de la Universidad Austral; defendida y aprobada.<\/p>\n\n\n\n<p><strong>Participaci\u00f3n como Miembro de Tribunal de Tesis<\/strong><\/p>\n\n\n\n<p>&#8211;&nbsp;&nbsp;&nbsp;&nbsp;&nbsp;&nbsp; Participaci\u00f3n como Miembro de Tribunal de Tesis del trabajo \u201cCaso Nro. 2 \u2013 Flores Gladys c\/ Los Juntos S.A\u201d, elaborada por Eric Maximiliano Ruiz De la Vega, Maestr\u00eda en Derecho del Trabajo y Relaciones Laborales de la Universidad Austral.<\/p>\n\n\n\n<p>&#8211;&nbsp;&nbsp;&nbsp;&nbsp;&nbsp;&nbsp; Participaci\u00f3n como Miembro de Tribunal de Tesis del trabajo \u201cProyecciones hacia un nuevo modelo sindical argentino\u201d, elaborada por Mat\u00edas Carlos Pessolani, Maestr\u00eda en Derecho del Trabajo y Relaciones Laborales de la Universidad Austral.<\/p>\n\n\n\n<p>&#8211;&nbsp;&nbsp;&nbsp;&nbsp;&nbsp;&nbsp; Participaci\u00f3n como Miembro de Tribunal de Tesis del trabajo \u201cCaso Nro. 2 \u2013 Flores Gladys c\/ Los Juntos S.A\u201d, elaborada por Eric Maximiliano Ruiz De la Vega, Maestr\u00eda en Derecho del Trabajo y Relaciones Laborales de la Universidad Austral.<\/p>\n\n\n\n<p>&#8211;&nbsp;&nbsp;&nbsp;&nbsp;&nbsp;&nbsp; Participaci\u00f3n como Miembro de Tribunal de Tesis del trabajo \u201cLa problem\u00e1tica relativa a la calificaci\u00f3n jur\u00eddica de los m\u00e9dicos residentes en Argentina\u201d, elaborada por Guadalupe P\u00e1paro, Maestr\u00eda en Derecho del Trabajo y Relaciones Laborales de la Universidad Austral.<\/p>\n\n\n\n<p>&#8211;&nbsp;&nbsp;&nbsp;&nbsp;&nbsp;&nbsp; Participaci\u00f3n como Miembro de Tribunal de Tesis del trabajo \u201cEl da\u00f1o punitivo en los casos de Riesgos del Trabajo\u201d, elaborada por Luc\u00eda Fern\u00e1ndez, Maestr\u00eda en Derecho del Trabajo y Relaciones Laborales de la Universidad Austral.<\/p>\n\n\n\n<p><strong>Premios y Distinciones<\/strong><\/p>\n\n\n\n<p>&#8211;&nbsp;&nbsp;&nbsp;&nbsp;&nbsp;&nbsp; Segundo lugar en el II Concurso de becas para la Maestr\u00eda en Derecho del Trabajo y Relaciones Laborales MDTyRL 2021 por el articulo denominado \u201c<em>Consideraciones elementales de la locaci\u00f3n de servicios y su di\u00e1fana distinci\u00f3n de los contratos de trabajo. Un an\u00e1lisis omnicomprensivo desde la jurisprudencia emanada de los Tribunales Argentinos<\/em>\u201d.<\/p>\n\n\n\n<p>&#8211;&nbsp;&nbsp;&nbsp;&nbsp;&nbsp;&nbsp; Premio \u201cDiploma de Honor\u201d obtenido por promedio distinguido de la Maestr\u00eda en Derecho del Trabajo y Relaciones Laborales de la Universidad Austral.<\/p>\n\n\n\n<p>&#8211;&nbsp;&nbsp;&nbsp;&nbsp;&nbsp;&nbsp; Premio \u201cMedalla de oro\u201d obtenido por el mejor promedio de la cohorte 2021-2022 de la Maestr\u00eda en Derecho del Trabajo y Relaciones Laborales de la Universidad Austral.<\/p>\n\n\n\n<p>&#8211;&nbsp;&nbsp;&nbsp;&nbsp;&nbsp;&nbsp; Premio a Mejor Direcci\u00f3n de Tesis por el trabajo \u201cLa contribuci\u00f3n al SITRAJUR y el promontorio de libertad sindical\u201d, elaborada por Gustavo Emilio Perazzolli, Maestr\u00eda en Derecho del Trabajo y Relaciones Laborales de la Universidad Austral; defendida y aprobada con m\u00e1xima calificaci\u00f3n y recomendaci\u00f3n de publicaci\u00f3n, 2025.<\/p>\n\n\n\n<p><strong>Participaci\u00f3n en proyecto de investigaci\u00f3n<\/strong><\/p>\n\n\n\n<p>&#8211;&nbsp;&nbsp;&nbsp;&nbsp;&nbsp;&nbsp; Responsable de proyecto de investigaci\u00f3n \u201cEl proyecto de reforma laboral en la Rep\u00fablica Argentina: un an\u00e1lisis de sus implicancias desde la econom\u00eda del derecho\u201d, iniciado el 01 de diciembre de 2025 con fecha de conclusi\u00f3n prevista para el INSOD \u2013 FAJU, Universidad Argentina de la Empresa (UADE)<\/p>\n\n\n\n<p><strong>Membres\u00edas Profesionales<\/strong><\/p>\n\n\n\n<p>&#8211;&nbsp;&nbsp;&nbsp;&nbsp;&nbsp;&nbsp; Admitido en el Colegio P\u00fablico de Abogados de la Capital Federal para el ejercicio profesional de la Abogac\u00eda.<\/p>\n\n\n\n<p>&#8211;&nbsp;&nbsp;&nbsp;&nbsp;&nbsp;&nbsp; Admitido en la C\u00e1mara Federal de Apelaciones del Departamento Judicial de Gral. San Mart\u00edn para el ejercicio profesional de la Abogac\u00eda a trav\u00e9s del otorgamiento de la Matr\u00edcula Federal del Interior conforme lo estipulado por la Ley 22.192.<\/p>\n\n\n\n<p>&#8211;&nbsp;&nbsp;&nbsp;&nbsp;&nbsp;&nbsp; Socio activo de la Asociaci\u00f3n Argentina de Derecho del Trabajo y de la Seguridad Social (AADTySS).<br><\/p>\n\n\n\n<blockquote class=\"wp-block-quote is-layout-flow wp-block-quote-is-layout-flow\">\n<p><\/p>\n<\/blockquote>\n\n\n","protected":false},"excerpt":{"rendered":"<p>Socio Cel. +54 11 6 592 3049 mail santiago.sfeir@lmsfeirabogados.com.ar Formaci\u00f3n Bachiller Universitario en Derecho Universidad de Buenos Aires \u2013 Facultad de Derecho \u2013 A\u00f1o 2016. Abogado Universidad de Buenos Aires&hellip;<\/p>\n","protected":false},"author":1,"featured_media":0,"parent":0,"menu_order":0,"comment_status":"closed","ping_status":"closed","template":"","meta":{"om_disable_all_campaigns":false,"_monsterinsights_skip_tracking":false,"_monsterinsights_sitenote_active":false,"_monsterinsights_sitenote_note":"","_monsterinsights_sitenote_category":0,"footnotes":"[]"},"class_list":["post-91","page","type-page","status-publish","hentry"],"aioseo_notices":[],"_links":{"self":[{"href":"https:\/\/lmsfeirabogados.com.ar\/index.php?rest_route=\/wp\/v2\/pages\/91","targetHints":{"allow":["GET"]}}],"collection":[{"href":"https:\/\/lmsfeirabogados.com.ar\/index.php?rest_route=\/wp\/v2\/pages"}],"about":[{"href":"https:\/\/lmsfeirabogados.com.ar\/index.php?rest_route=\/wp\/v2\/types\/page"}],"author":[{"embeddable":true,"href":"https:\/\/lmsfeirabogados.com.ar\/index.php?rest_route=\/wp\/v2\/users\/1"}],"replies":[{"embeddable":true,"href":"https:\/\/lmsfeirabogados.com.ar\/index.php?rest_route=%2Fwp%2Fv2%2Fcomments&post=91"}],"version-history":[{"count":27,"href":"https:\/\/lmsfeirabogados.com.ar\/index.php?rest_route=\/wp\/v2\/pages\/91\/revisions"}],"predecessor-version":[{"id":365,"href":"https:\/\/lmsfeirabogados.com.ar\/index.php?rest_route=\/wp\/v2\/pages\/91\/revisions\/365"}],"wp:attachment":[{"href":"https:\/\/lmsfeirabogados.com.ar\/index.php?rest_route=%2Fwp%2Fv2%2Fmedia&parent=91"}],"curies":[{"name":"wp","href":"https:\/\/api.w.org\/{rel}","templated":true}]}}